{"id":3526,"date":"2022-11-18T10:44:58","date_gmt":"2022-11-18T09:44:58","guid":{"rendered":"https:\/\/www.petitecamarguealsacienne.com\/association\/fonctionnement-associatif\/"},"modified":"2024-08-28T17:54:15","modified_gmt":"2024-08-28T15:54:15","slug":"vereinsordnung","status":"publish","type":"page","link":"https:\/\/www.petitecamarguealsacienne.com\/de\/verein\/vereinsordnung\/","title":{"rendered":"Vereinsordnung"},"content":{"rendered":"<div class=\"wp-post-content\"><!-- zone:zn_pagebanner [0] --><br \/>\n\t\t<!-- \/zone:zn_pagebanner [0] --><br \/>\n<!-- zone:zn_text [1] --><\/p>\n<h2>Verwaltungsrat des Vereins<\/h2>\n<p>Der Verein Petite Camargue Alsacienne wird durch einen Verwaltungsrat bestehend aus 42 Mitgliedern betrieben. In ihm sind gew\u00e4hlte Vertreter der Gebietsk\u00f6rperschaften, Vertreter franz\u00f6sischer, deutscher und schweizerischer Partnervereine sowie in der Generalversammlung gew\u00e4hlte Einzelmitglieder vertreten. Der Verwaltungsrat tritt drei Mal im Jahr zusammen.<\/p>\n<p>Der Verwaltungsrat w\u00e4hlt seinerseits einen Vorstand, der aus 14 Mitgliedern besteht. Die Pr\u00e4sidentschaft wechselt jeweils alle zwei Jahre zwischen einem gew\u00e4hlten Vertreter der Gebietsk\u00f6rperschaft und einem Einzelmitglied.<\/p>\n<p><a class=\"outline button\" href=\"https:\/\/www.petitecamarguealsacienne.com\/wp-inside\/uploads\/2023\/10\/bureau-4-octobre-2023-1.pdf\" target=\"_blank\" rel=\"noopener\">Mitgliederliste ansehen<\/a><\/p>\n<p>\t\t\t<!-- \/zone:zn_text [1] --><br \/>\n<!-- zone:zn_text_img [2] --><\/p>\n<h2>Unser Mitarbeiterteam<\/h2>\n<p>F\u00fcr die verschiedenen Aufgaben des Vereins, besch\u00e4ftigt dieser in verschiedenen Bereichen ein Team aus professionellen Mitarbeitern:<br \/>\nDirektion und allgemeine Dienste:<\/p>\n<ul>\n<li>Philippe KNIBIELY, Direktor<\/li>\n<li>Val\u00e9rie PARISY, Buchhaltung<\/li>\n<li>Anne MOSER, Sekretariat<\/li>\n<\/ul>\n<p>Naturschutzgebiet:<\/p>\n<ul>\n<li>L\u00e9a MERCKLING, Konservatorin<\/li>\n<li>Emeric LINDER, Leiter des Technikteams<\/li>\n<li>Claude GUTKNECHT, Techniker<\/li>\n<li>K\u00e9van AMBIEHL, Techniker<\/li>\n<li>Cyrille ADAM, technischer Mitarbeiter<\/li>\n<li>Rapha\u00ebl Kiefer, <span class=\"HwtZe\" lang=\"de\"><span class=\"jCAhz ChMk0b\"><span class=\"ryNqvb\">Lehrling<\/span><\/span><\/span> Techniker<\/li>\n<\/ul>\n<p>Natur- und Umweltschutzzentrum (CINE):<\/p>\n<ul>\n<li>Cassandra GARBO, Leiterin Animation und Veranstaltungen<\/li>\n<li>H\u00e9l\u00e8ne ROTH, Naturp\u00e4dagoge<\/li>\n<li>Marion GRANGER, Naturp\u00e4dagoge<\/li>\n<li>Hugo LAURENT-VIDIEU, Naturp\u00e4dagoge<\/li>\n<li>Thomas ALTHERR, Naturp\u00e4dagoge<\/li>\n<li>Cindy PARDUZI, <span class=\"HwtZe\" lang=\"de\"><span class=\"jCAhz ChMk0b\"><span class=\"ryNqvb\">Empfangsmitarbeiter<\/span><\/span><\/span> am Schleusenw\u00e4rterhaus<\/li>\n<\/ul>\n<p>Fischzucht:<\/p>\n<ul>\n<li>Olivier SOMMEN, Leiter Aufzucht<\/li>\n<li>Baptiste DOENLEN, Fischz\u00fcchter<\/li>\n<li>K\u00e9van AMBIEHL, Fischz\u00fcchter<\/li>\n<\/ul>\n<p><!-- \/zone:zn_text_img [2] -->\n<\/div>\n","protected":false},"excerpt":{"rendered":"<p>Die Petite Camargue Alsacienne ist ein gemeinn\u00fctziger Verein, der von einem Verwaltungsrat regiert wird, der sich aus ehrenamtlichen Einzelmitgliedern und gleichberechtigten Mitgli<\/p>\n","protected":false},"author":4,"featured_media":7132,"parent":3524,"menu_order":10,"comment_status":"closed","ping_status":"closed","template":"","meta":{"_acf_changed":false,"footnotes":""},"class_list":["post-3526","page","type-page","status-publish","has-post-thumbnail","hentry","wp-sticky"],"acf":[],"yoast_head":"<!-- This site is optimized with the Yoast SEO plugin v27.4 - https:\/\/yoast.com\/product\/yoast-seo-wordpress\/ -->\n<title>Verein Petite Camargue Alsacienne | La Petite Camargue Alsacienne<\/title>\n<meta name=\"description\" content=\"Verwaltungsrat, Vorstand, Angestellte: So ist unser Verein organisiert\" \/>\n<meta name=\"robots\" content=\"index, follow, max-snippet:-1, max-image-preview:large, max-video-preview:-1\" \/>\n<link rel=\"canonical\" href=\"https:\/\/www.petitecamarguealsacienne.com\/de\/verein\/vereinsordnung\/\" \/>\n<meta property=\"og:locale\" content=\"de_DE\" \/>\n<meta property=\"og:type\" content=\"article\" \/>\n<meta property=\"og:title\" content=\"Verein Petite Camargue Alsacienne | La Petite Camargue Alsacienne\" \/>\n<meta property=\"og:description\" content=\"Verwaltungsrat, Vorstand, Angestellte: So ist unser Verein organisiert\" \/>\n<meta property=\"og:url\" content=\"https:\/\/www.petitecamarguealsacienne.com\/de\/verein\/vereinsordnung\/\" \/>\n<meta property=\"og:site_name\" content=\"La Petite Camargue Alsacienne\" \/>\n<meta property=\"article:publisher\" content=\"https:\/\/www.facebook.com\/people\/Petite-Camargue-Alsacienne\/100072042215750\/\" \/>\n<meta property=\"article:modified_time\" content=\"2024-08-28T15:54:15+00:00\" \/>\n<meta property=\"og:image\" content=\"https:\/\/www.petitecamarguealsacienne.com\/wp-inside\/uploads\/2023\/12\/img_20231215_1152441-e1702886493320.jpg\" \/>\n\t<meta property=\"og:image:width\" content=\"2000\" \/>\n\t<meta property=\"og:image:height\" content=\"1500\" \/>\n\t<meta property=\"og:image:type\" content=\"image\/jpeg\" \/>\n<meta name=\"twitter:card\" content=\"summary_large_image\" \/>\n<meta name=\"twitter:label1\" content=\"Gesch\u00e4tzte Lesezeit\" \/>\n\t<meta name=\"twitter:data1\" content=\"1\u00a0Minute\" \/>\n<script type=\"application\/ld+json\" class=\"yoast-schema-graph\">{\"@context\":\"https:\\\/\\\/schema.org\",\"@graph\":[{\"@type\":\"WebPage\",\"@id\":\"https:\\\/\\\/www.petitecamarguealsacienne.com\\\/de\\\/verein\\\/vereinsordnung\\\/\",\"url\":\"https:\\\/\\\/www.petitecamarguealsacienne.com\\\/de\\\/verein\\\/vereinsordnung\\\/\",\"name\":\"Verein Petite Camargue Alsacienne\",\"isPartOf\":{\"@id\":\"https:\\\/\\\/www.petitecamarguealsacienne.com\\\/de\\\/#website\"},\"primaryImageOfPage\":{\"@id\":\"https:\\\/\\\/www.petitecamarguealsacienne.com\\\/de\\\/verein\\\/vereinsordnung\\\/#primaryimage\"},\"image\":{\"@id\":\"https:\\\/\\\/www.petitecamarguealsacienne.com\\\/de\\\/verein\\\/vereinsordnung\\\/#primaryimage\"},\"thumbnailUrl\":\"https:\\\/\\\/www.petitecamarguealsacienne.com\\\/wp-inside\\\/uploads\\\/2026\\\/01\\\/equipe_salariee_noel-2025.jpg\",\"datePublished\":\"2022-11-18T09:44:58+00:00\",\"dateModified\":\"2024-08-28T15:54:15+00:00\",\"description\":\"Verwaltungsrat, Vorstand, Angestellte: So ist unser Verein organisiert\",\"breadcrumb\":{\"@id\":\"https:\\\/\\\/www.petitecamarguealsacienne.com\\\/de\\\/verein\\\/vereinsordnung\\\/#breadcrumb\"},\"inLanguage\":\"de\",\"potentialAction\":[{\"@type\":\"ReadAction\",\"target\":[\"https:\\\/\\\/www.petitecamarguealsacienne.com\\\/de\\\/verein\\\/vereinsordnung\\\/\"]}]},{\"@type\":\"ImageObject\",\"inLanguage\":\"de\",\"@id\":\"https:\\\/\\\/www.petitecamarguealsacienne.com\\\/de\\\/verein\\\/vereinsordnung\\\/#primaryimage\",\"url\":\"https:\\\/\\\/www.petitecamarguealsacienne.com\\\/wp-inside\\\/uploads\\\/2026\\\/01\\\/equipe_salariee_noel-2025.jpg\",\"contentUrl\":\"https:\\\/\\\/www.petitecamarguealsacienne.com\\\/wp-inside\\\/uploads\\\/2026\\\/01\\\/equipe_salariee_noel-2025.jpg\",\"width\":2000,\"height\":1500},{\"@type\":\"BreadcrumbList\",\"@id\":\"https:\\\/\\\/www.petitecamarguealsacienne.com\\\/de\\\/verein\\\/vereinsordnung\\\/#breadcrumb\",\"itemListElement\":[{\"@type\":\"ListItem\",\"position\":1,\"name\":\"Startseite\",\"item\":\"https:\\\/\\\/www.petitecamarguealsacienne.com\\\/de\\\/\"},{\"@type\":\"ListItem\",\"position\":2,\"name\":\"Der Verein\",\"item\":\"https:\\\/\\\/www.petitecamarguealsacienne.com\\\/de\\\/verein\\\/\"},{\"@type\":\"ListItem\",\"position\":3,\"name\":\"Vereinsordnung\"}]},{\"@type\":\"WebSite\",\"@id\":\"https:\\\/\\\/www.petitecamarguealsacienne.com\\\/de\\\/#website\",\"url\":\"https:\\\/\\\/www.petitecamarguealsacienne.com\\\/de\\\/\",\"name\":\"La Petite Camargue Alsacienne\",\"description\":\"R\u00e9serve Naturelle au c\u0153ur de la plaine rh\u00e9nane alluviale\",\"publisher\":{\"@id\":\"https:\\\/\\\/www.petitecamarguealsacienne.com\\\/de\\\/#organization\"},\"alternateName\":\"PCA\",\"potentialAction\":[{\"@type\":\"SearchAction\",\"target\":{\"@type\":\"EntryPoint\",\"urlTemplate\":\"https:\\\/\\\/www.petitecamarguealsacienne.com\\\/de\\\/?s={search_term_string}\"},\"query-input\":{\"@type\":\"PropertyValueSpecification\",\"valueRequired\":true,\"valueName\":\"search_term_string\"}}],\"inLanguage\":\"de\"},{\"@type\":\"Organization\",\"@id\":\"https:\\\/\\\/www.petitecamarguealsacienne.com\\\/de\\\/#organization\",\"name\":\"Petite Camargue Alsacienne\",\"alternateName\":\"PCA\",\"url\":\"https:\\\/\\\/www.petitecamarguealsacienne.com\\\/de\\\/\",\"logo\":{\"@type\":\"ImageObject\",\"inLanguage\":\"de\",\"@id\":\"https:\\\/\\\/www.petitecamarguealsacienne.com\\\/de\\\/#\\\/schema\\\/logo\\\/image\\\/\",\"url\":\"https:\\\/\\\/www.petitecamarguealsacienne.com\\\/wp-inside\\\/uploads\\\/2022\\\/10\\\/logo-petite-camargue-alsacienne.png\",\"contentUrl\":\"https:\\\/\\\/www.petitecamarguealsacienne.com\\\/wp-inside\\\/uploads\\\/2022\\\/10\\\/logo-petite-camargue-alsacienne.png\",\"width\":194,\"height\":168,\"caption\":\"Petite Camargue Alsacienne\"},\"image\":{\"@id\":\"https:\\\/\\\/www.petitecamarguealsacienne.com\\\/de\\\/#\\\/schema\\\/logo\\\/image\\\/\"},\"sameAs\":[\"https:\\\/\\\/www.facebook.com\\\/people\\\/Petite-Camargue-Alsacienne\\\/100072042215750\\\/\",\"https:\\\/\\\/www.flickr.com\\\/groups\\\/petitecamarguealsacienne\\\/\"]}]}<\/script>\n<!-- \/ Yoast SEO plugin. -->","yoast_head_json":{"title":"Verein Petite Camargue Alsacienne | La Petite Camargue Alsacienne","description":"Verwaltungsrat, Vorstand, Angestellte: So ist unser Verein organisiert","robots":{"index":"index","follow":"follow","max-snippet":"max-snippet:-1","max-image-preview":"max-image-preview:large","max-video-preview":"max-video-preview:-1"},"canonical":"https:\/\/www.petitecamarguealsacienne.com\/de\/verein\/vereinsordnung\/","og_locale":"de_DE","og_type":"article","og_title":"Verein Petite Camargue Alsacienne | La Petite Camargue Alsacienne","og_description":"Verwaltungsrat, Vorstand, Angestellte: So ist unser Verein organisiert","og_url":"https:\/\/www.petitecamarguealsacienne.com\/de\/verein\/vereinsordnung\/","og_site_name":"La Petite Camargue Alsacienne","article_publisher":"https:\/\/www.facebook.com\/people\/Petite-Camargue-Alsacienne\/100072042215750\/","article_modified_time":"2024-08-28T15:54:15+00:00","og_image":[{"width":2000,"height":1500,"url":"https:\/\/www.petitecamarguealsacienne.com\/wp-inside\/uploads\/2023\/12\/img_20231215_1152441-e1702886493320.jpg","type":"image\/jpeg"}],"twitter_card":"summary_large_image","twitter_misc":{"Gesch\u00e4tzte Lesezeit":"1\u00a0Minute"},"schema":{"@context":"https:\/\/schema.org","@graph":[{"@type":"WebPage","@id":"https:\/\/www.petitecamarguealsacienne.com\/de\/verein\/vereinsordnung\/","url":"https:\/\/www.petitecamarguealsacienne.com\/de\/verein\/vereinsordnung\/","name":"Verein Petite Camargue Alsacienne","isPartOf":{"@id":"https:\/\/www.petitecamarguealsacienne.com\/de\/#website"},"primaryImageOfPage":{"@id":"https:\/\/www.petitecamarguealsacienne.com\/de\/verein\/vereinsordnung\/#primaryimage"},"image":{"@id":"https:\/\/www.petitecamarguealsacienne.com\/de\/verein\/vereinsordnung\/#primaryimage"},"thumbnailUrl":"https:\/\/www.petitecamarguealsacienne.com\/wp-inside\/uploads\/2026\/01\/equipe_salariee_noel-2025.jpg","datePublished":"2022-11-18T09:44:58+00:00","dateModified":"2024-08-28T15:54:15+00:00","description":"Verwaltungsrat, Vorstand, Angestellte: So ist unser Verein organisiert","breadcrumb":{"@id":"https:\/\/www.petitecamarguealsacienne.com\/de\/verein\/vereinsordnung\/#breadcrumb"},"inLanguage":"de","potentialAction":[{"@type":"ReadAction","target":["https:\/\/www.petitecamarguealsacienne.com\/de\/verein\/vereinsordnung\/"]}]},{"@type":"ImageObject","inLanguage":"de","@id":"https:\/\/www.petitecamarguealsacienne.com\/de\/verein\/vereinsordnung\/#primaryimage","url":"https:\/\/www.petitecamarguealsacienne.com\/wp-inside\/uploads\/2026\/01\/equipe_salariee_noel-2025.jpg","contentUrl":"https:\/\/www.petitecamarguealsacienne.com\/wp-inside\/uploads\/2026\/01\/equipe_salariee_noel-2025.jpg","width":2000,"height":1500},{"@type":"BreadcrumbList","@id":"https:\/\/www.petitecamarguealsacienne.com\/de\/verein\/vereinsordnung\/#breadcrumb","itemListElement":[{"@type":"ListItem","position":1,"name":"Startseite","item":"https:\/\/www.petitecamarguealsacienne.com\/de\/"},{"@type":"ListItem","position":2,"name":"Der Verein","item":"https:\/\/www.petitecamarguealsacienne.com\/de\/verein\/"},{"@type":"ListItem","position":3,"name":"Vereinsordnung"}]},{"@type":"WebSite","@id":"https:\/\/www.petitecamarguealsacienne.com\/de\/#website","url":"https:\/\/www.petitecamarguealsacienne.com\/de\/","name":"La Petite Camargue Alsacienne","description":"R\u00e9serve Naturelle au c\u0153ur de la plaine rh\u00e9nane alluviale","publisher":{"@id":"https:\/\/www.petitecamarguealsacienne.com\/de\/#organization"},"alternateName":"PCA","potentialAction":[{"@type":"SearchAction","target":{"@type":"EntryPoint","urlTemplate":"https:\/\/www.petitecamarguealsacienne.com\/de\/?s={search_term_string}"},"query-input":{"@type":"PropertyValueSpecification","valueRequired":true,"valueName":"search_term_string"}}],"inLanguage":"de"},{"@type":"Organization","@id":"https:\/\/www.petitecamarguealsacienne.com\/de\/#organization","name":"Petite Camargue Alsacienne","alternateName":"PCA","url":"https:\/\/www.petitecamarguealsacienne.com\/de\/","logo":{"@type":"ImageObject","inLanguage":"de","@id":"https:\/\/www.petitecamarguealsacienne.com\/de\/#\/schema\/logo\/image\/","url":"https:\/\/www.petitecamarguealsacienne.com\/wp-inside\/uploads\/2022\/10\/logo-petite-camargue-alsacienne.png","contentUrl":"https:\/\/www.petitecamarguealsacienne.com\/wp-inside\/uploads\/2022\/10\/logo-petite-camargue-alsacienne.png","width":194,"height":168,"caption":"Petite Camargue Alsacienne"},"image":{"@id":"https:\/\/www.petitecamarguealsacienne.com\/de\/#\/schema\/logo\/image\/"},"sameAs":["https:\/\/www.facebook.com\/people\/Petite-Camargue-Alsacienne\/100072042215750\/","https:\/\/www.flickr.com\/groups\/petitecamarguealsacienne\/"]}]}},"_links":{"self":[{"href":"https:\/\/www.petitecamarguealsacienne.com\/de\/wp-json\/wp\/v2\/pages\/3526","targetHints":{"allow":["GET"]}}],"collection":[{"href":"https:\/\/www.petitecamarguealsacienne.com\/de\/wp-json\/wp\/v2\/pages"}],"about":[{"href":"https:\/\/www.petitecamarguealsacienne.com\/de\/wp-json\/wp\/v2\/types\/page"}],"author":[{"embeddable":true,"href":"https:\/\/www.petitecamarguealsacienne.com\/de\/wp-json\/wp\/v2\/users\/4"}],"replies":[{"embeddable":true,"href":"https:\/\/www.petitecamarguealsacienne.com\/de\/wp-json\/wp\/v2\/comments?post=3526"}],"version-history":[{"count":9,"href":"https:\/\/www.petitecamarguealsacienne.com\/de\/wp-json\/wp\/v2\/pages\/3526\/revisions"}],"predecessor-version":[{"id":6058,"href":"https:\/\/www.petitecamarguealsacienne.com\/de\/wp-json\/wp\/v2\/pages\/3526\/revisions\/6058"}],"up":[{"embeddable":true,"href":"https:\/\/www.petitecamarguealsacienne.com\/de\/wp-json\/wp\/v2\/pages\/3524"}],"wp:featuredmedia":[{"embeddable":true,"href":"https:\/\/www.petitecamarguealsacienne.com\/de\/wp-json\/wp\/v2\/media\/7132"}],"wp:attachment":[{"href":"https:\/\/www.petitecamarguealsacienne.com\/de\/wp-json\/wp\/v2\/media?parent=3526"}],"curies":[{"name":"wp","href":"https:\/\/api.w.org\/{rel}","templated":true}]}}